{"id":5961,"date":"2023-05-08T00:00:00","date_gmt":"2023-05-07T22:00:00","guid":{"rendered":"https:\/\/pichlerarchitects.com\/portfolio\/item\/ansitz-weggenstein\/"},"modified":"2023-10-20T10:34:29","modified_gmt":"2023-10-20T08:34:29","slug":"ansitz-weggenstein","status":"publish","type":"portfolio","link":"https:\/\/pichlerarchitects.com\/de\/portfolio\/item\/ansitz-weggenstein\/","title":{"rendered":"Ansitz Weggenstein"},"content":{"rendered":"\t\t<div data-elementor-type=\"wp-post\" data-elementor-id=\"5961\" class=\"elementor elementor-5961 elementor-174\" data-elementor-post-type=\"portfolio\">\n\t\t\t\t\t\t<section class=\"elementor-section elementor-top-section elementor-element elementor-element-3213d707 elementor-section-full_width elementor-section-height-default elementor-section-height-default\" data-id=\"3213d707\" data-element_type=\"section\">\n\t\t\t\t\t\t<div class=\"elementor-container elementor-column-gap-no\">\n\t\t\t\t\t<div class=\"elementor-column elementor-col-100 elementor-top-column elementor-element elementor-element-51acc091\" data-id=\"51acc091\" data-element_type=\"column\">\n\t\t\t<div class=\"elementor-widget-wrap elementor-element-populated\">\n\t\t\t\t\t\t<div class=\"elementor-element elementor-element-6eef170f elementor-widget elementor-widget-larson-intro\" data-id=\"6eef170f\" data-element_type=\"widget\" data-widget_type=\"larson-intro.default\">\n\t\t\t\t<div class=\"elementor-widget-container\">\n\t\t\t\t\t\n\t\t<article class=\"article\">\n\t        <header class=\"article__header\">\n\t          <div class=\"container\">\n\t            \t            <h1 class=\"article__heading heading heading--size-large\">\n\t            \t<span >\n\t\t\t\t\t\tAnsitz Weggenstein\n\n\t\t\t\t\t<\/span>\n\t            <\/h1>\n\t            \t            \t          <\/div>\n\t        <\/header>\n\t        \t    <\/article>\n\n\t\t\t\t\t\t<\/div>\n\t\t\t\t<\/div>\n\t\t\t\t\t<\/div>\n\t\t<\/div>\n\t\t\t\t\t<\/div>\n\t\t<\/section>\n\t\t\t\t<section class=\"elementor-section elementor-top-section elementor-element elementor-element-b2ecbd3 elementor-section-full_width elementor-section-height-default elementor-section-height-default\" data-id=\"b2ecbd3\" data-element_type=\"section\">\n\t\t\t\t\t\t<div class=\"elementor-container elementor-column-gap-no\">\n\t\t\t\t\t<div class=\"elementor-column elementor-col-100 elementor-top-column elementor-element elementor-element-01bb99c\" data-id=\"01bb99c\" data-element_type=\"column\">\n\t\t\t<div class=\"elementor-widget-wrap\">\n\t\t\t\t\t\t\t<\/div>\n\t\t<\/div>\n\t\t\t\t\t<\/div>\n\t\t<\/section>\n\t\t\t\t<section class=\"elementor-section elementor-top-section elementor-element elementor-element-be99620 elementor-section-boxed elementor-section-height-default elementor-section-height-default\" data-id=\"be99620\" data-element_type=\"section\">\n\t\t\t\t\t\t<div class=\"elementor-container elementor-column-gap-no\">\n\t\t\t\t\t<div class=\"elementor-column elementor-col-100 elementor-top-column elementor-element elementor-element-390cd92\" data-id=\"390cd92\" data-element_type=\"column\">\n\t\t\t<div class=\"elementor-widget-wrap elementor-element-populated\">\n\t\t\t\t\t\t<div class=\"elementor-element elementor-element-883b221 elementor-widget elementor-widget-larson-project-image\" data-id=\"883b221\" data-element_type=\"widget\" data-widget_type=\"larson-project-image.default\">\n\t\t\t\t<div class=\"elementor-widget-container\">\n\t\t\t\t\t\n\t\t\t\t<div class=\"article__project-hero\" data-aos=\"fade\">\n          <img decoding=\"async\" src=\"https:\/\/pichlerarchitects.com\/wp-content\/uploads\/2021\/08\/Ansitz-Weggenstein_01.jpg\" alt=\"\" \/>\n        <\/div>\n\t\t\n\t\t\t\t\t\t<\/div>\n\t\t\t\t<\/div>\n\t\t\t\t\t<\/div>\n\t\t<\/div>\n\t\t\t\t\t<\/div>\n\t\t<\/section>\n\t\t\t\t<section class=\"elementor-section elementor-top-section elementor-element elementor-element-2cee300 elementor-section-full_width elementor-section-height-default elementor-section-height-default\" data-id=\"2cee300\" data-element_type=\"section\">\n\t\t\t\t\t\t<div class=\"elementor-container elementor-column-gap-no\">\n\t\t\t\t\t<div class=\"elementor-column elementor-col-100 elementor-top-column elementor-element elementor-element-d97788a\" data-id=\"d97788a\" data-element_type=\"column\">\n\t\t\t<div class=\"elementor-widget-wrap elementor-element-populated\">\n\t\t\t\t\t\t<div class=\"elementor-element elementor-element-718ea10 elementor-widget elementor-widget-larson-project-details\" data-id=\"718ea10\" data-element_type=\"widget\" data-widget_type=\"larson-project-details.default\">\n\t\t\t\t<div class=\"elementor-widget-container\">\n\t\t\t\t\t\n\t\t<div class=\"article__main container\">\n\t\t            <ul class=\"article__project-meta project-meta\" data-aos=\"fade\">\n          \t            <li class=\"project-meta__item\">\n                            <div class=\"project-meta__item-title\">\n              \t<span >\n\t\t\t\t\tClient\t\t\t\t<\/span>\n              <\/div>\n                                          <div class=\"project-meta__item-text\">\n              \t<span >\n\t\t\t\t\tFamilie Oberrauch\t\t\t\t<\/span>\n              <\/div>\n                          <\/li>\n                        <li class=\"project-meta__item\">\n                            <div class=\"project-meta__item-title\">\n              \t<span >\n\t\t\t\t\tCompleted\t\t\t\t<\/span>\n              <\/div>\n                                          <div class=\"project-meta__item-text\">\n              \t<span >\n\t\t\t\t\t 2015\t\t\t\t<\/span>\n              <\/div>\n                          <\/li>\n                        <li class=\"project-meta__item\">\n                            <div class=\"project-meta__item-title\">\n              \t<span >\n\t\t\t\t\ttypology\t\t\t\t<\/span>\n              <\/div>\n                                          <div class=\"project-meta__item-text\">\n              \t<span >\n\t\t\t\t\tWohnkomplex mit 22 Wohnungen\t\t\t\t<\/span>\n              <\/div>\n                          <\/li>\n                        <li class=\"project-meta__item\">\n                            <div class=\"project-meta__item-title\">\n              \t<span >\n\t\t\t\t\tLocation\t\t\t\t<\/span>\n              <\/div>\n                                          <div class=\"project-meta__item-text\">\n              \t<span >\n\t\t\t\t\tBozen (BZ)\t\t\t\t<\/span>\n              <\/div>\n                          <\/li>\n                      <\/ul>\n                  <\/div>\n\n\t\t\t\t\t\t<\/div>\n\t\t\t\t<\/div>\n\t\t\t\t\t<\/div>\n\t\t<\/div>\n\t\t\t\t\t<\/div>\n\t\t<\/section>\n\t\t\t\t<section class=\"elementor-section elementor-top-section elementor-element elementor-element-00417b4 elementor-section-full_width elementor-section-height-default elementor-section-height-default\" data-id=\"00417b4\" data-element_type=\"section\">\n\t\t\t\t\t\t<div class=\"elementor-container elementor-column-gap-no\">\n\t\t\t\t\t<div class=\"elementor-column elementor-col-100 elementor-top-column elementor-element elementor-element-5e9de31\" data-id=\"5e9de31\" data-element_type=\"column\">\n\t\t\t<div class=\"elementor-widget-wrap elementor-element-populated\">\n\t\t\t\t\t\t<div class=\"elementor-element elementor-element-6753b87 elementor-widget elementor-widget-larson-project-description\" data-id=\"6753b87\" data-element_type=\"widget\" data-widget_type=\"larson-project-description.default\">\n\t\t\t\t<div class=\"elementor-widget-container\">\n\t\t\t\t\t\n\t\t<div class=\"container\">\n\t\t            <div class=\"article__project-text\" data-aos=\"fade\">\n            <div >\n\t\t\t\t<p><strong>Ma\u00dfgeschneidertes, exklusives Wohnen im Zentrum der Stadt.<\/strong> Das fu\u0308nfgeschossige Geb\u00e4ude entzieht sich aufgrund seiner polygonalen Grundform der Wahrnehmung in seiner Gr\u00f6\u00dfe und Ausdehnung und ordnet sich so dem Ma\u00dfstab der bebauten Umgebung ein. Umlaufende Balkone mit rhythmisch eingesetzten Loggien bieten n\u00f6tige Privatsph\u00e4re und interagieren gleichzeitig zwischen Innenr\u00e4umen und dem gru\u0308nen Park im Au\u00dfenraum. Das gew\u00e4hlte Fassadenprinzip mit einer der Au\u00dfenwand vorgelagerten Stu\u0308tzenstruktur passt sich harmonisch den unterschiedlichen Grundrisskonfigurationen, welche jeweils um einen zentral gelegenen ellipsenf\u00f6rmigen Innenhof gruppiert sind, an.<\/p>\t\t\t<\/div>\n          <\/div>\n                  <\/div>\n\n\t\t\t\t\t\t<\/div>\n\t\t\t\t<\/div>\n\t\t\t\t\t<\/div>\n\t\t<\/div>\n\t\t\t\t\t<\/div>\n\t\t<\/section>\n\t\t\t\t<section class=\"elementor-section elementor-top-section elementor-element elementor-element-e5e132a elementor-section-full_width elementor-section-height-default elementor-section-height-default\" data-id=\"e5e132a\" data-element_type=\"section\">\n\t\t\t\t\t\t<div class=\"elementor-container elementor-column-gap-no\">\n\t\t\t\t\t<div class=\"elementor-column elementor-col-100 elementor-top-column elementor-element elementor-element-5c46d2e\" data-id=\"5c46d2e\" data-element_type=\"column\">\n\t\t\t<div class=\"elementor-widget-wrap elementor-element-populated\">\n\t\t\t\t\t\t<div class=\"elementor-element elementor-element-921b418 elementor-widget elementor-widget-image\" data-id=\"921b418\" data-element_type=\"widget\" data-widget_type=\"image.default\">\n\t\t\t\t<div class=\"elementor-widget-container\">\n\t\t\t\t\t\t\t\t\t\t\t\t\t\t\t<img fetchpriority=\"high\" decoding=\"async\" width=\"900\" height=\"579\" src=\"https:\/\/pichlerarchitects.com\/wp-content\/uploads\/2021\/08\/Ansitz-Weggenstein_P_piantina-1024x659.jpg\" class=\"attachment-large size-large wp-image-2138\" alt=\"\" srcset=\"https:\/\/pichlerarchitects.com\/wp-content\/uploads\/2021\/08\/Ansitz-Weggenstein_P_piantina-1024x659.jpg 1024w, https:\/\/pichlerarchitects.com\/wp-content\/uploads\/2021\/08\/Ansitz-Weggenstein_P_piantina-300x193.jpg 300w, https:\/\/pichlerarchitects.com\/wp-content\/uploads\/2021\/08\/Ansitz-Weggenstein_P_piantina-768x494.jpg 768w, https:\/\/pichlerarchitects.com\/wp-content\/uploads\/2021\/08\/Ansitz-Weggenstein_P_piantina-1536x988.jpg 1536w, https:\/\/pichlerarchitects.com\/wp-content\/uploads\/2021\/08\/Ansitz-Weggenstein_P_piantina-900x579.jpg 900w, https:\/\/pichlerarchitects.com\/wp-content\/uploads\/2021\/08\/Ansitz-Weggenstein_P_piantina.jpg 1700w\" sizes=\"(max-width: 900px) 100vw, 900px\" \/>\t\t\t\t\t\t\t\t\t\t\t\t\t\t\t<\/div>\n\t\t\t\t<\/div>\n\t\t\t\t\t<\/div>\n\t\t<\/div>\n\t\t\t\t\t<\/div>\n\t\t<\/section>\n\t\t\t\t<section class=\"elementor-section elementor-top-section elementor-element elementor-element-bc44ca9 elementor-section-full_width elementor-section-height-default elementor-section-height-default\" data-id=\"bc44ca9\" data-element_type=\"section\">\n\t\t\t\t\t\t<div class=\"elementor-container elementor-column-gap-no\">\n\t\t\t\t\t<div class=\"elementor-column elementor-col-100 elementor-top-column elementor-element elementor-element-8280075\" data-id=\"8280075\" data-element_type=\"column\">\n\t\t\t<div class=\"elementor-widget-wrap elementor-element-populated\">\n\t\t\t\t\t\t<div class=\"elementor-element elementor-element-747be29 elementor-widget elementor-widget-larson-projects-gallery-grid\" data-id=\"747be29\" data-element_type=\"widget\" data-widget_type=\"larson-projects-gallery-grid.default\">\n\t\t\t\t<div class=\"elementor-widget-container\">\n\t\t\t\t\t\n\t\t<div class=\"article__project-images container\">\n                    <ul class=\"row project-images-grid __js_images-grid\">\n          \t<li class=\"grid-sizer\"><\/li>\n          \t            <li class=\"project-images-item project-images-item__full col-12 col-xl-6 __js_masonry-item\">\n            \t<a href=\"https:\/\/pichlerarchitects.com\/wp-content\/uploads\/2021\/08\/Ansitz-Weggenstein_05-2.jpg\" data-elementor-lightbox-slideshow=\"gallery-grid\" data-elementor-lightbox-title=\"Ansitz Weggenstein \/ Oskar Da Riz\">\n            \t\t<img decoding=\"async\" src=\"https:\/\/pichlerarchitects.com\/wp-content\/uploads\/2021\/08\/Ansitz-Weggenstein_05-2.jpg\" alt=\"Ansitz Weggenstein \/ Oskar Da Riz\" \/>\n            \t<\/a>\n            <\/li>\n                        <li class=\"project-images-item project-images-item__wide col-12 col-xl-6 __js_masonry-item\">\n            \t<a href=\"https:\/\/pichlerarchitects.com\/wp-content\/uploads\/2021\/08\/Ansitz-Weggenstein_03.jpg\" data-elementor-lightbox-slideshow=\"gallery-grid\" data-elementor-lightbox-title=\"Ansitz Weggenstein \/ Oskar Da Riz\">\n            \t\t<img decoding=\"async\" src=\"https:\/\/pichlerarchitects.com\/wp-content\/uploads\/2021\/08\/Ansitz-Weggenstein_03.jpg\" alt=\"Ansitz Weggenstein \/ Oskar Da Riz\" \/>\n            \t<\/a>\n            <\/li>\n                        <li class=\"project-images-item project-images-item__default col-12 col-md-6 col-xl-3 __js_masonry-item\">\n            \t<a href=\"https:\/\/pichlerarchitects.com\/wp-content\/uploads\/2021\/06\/Ansitz-Weggenstein_02-e1674030751786.jpg\" data-elementor-lightbox-slideshow=\"gallery-grid\" data-elementor-lightbox-title=\"Ansitz Weggenstein \/ Oskar Da Riz\">\n            \t\t<img decoding=\"async\" src=\"https:\/\/pichlerarchitects.com\/wp-content\/uploads\/2021\/06\/Ansitz-Weggenstein_02-e1674030751786.jpg\" alt=\"Ansitz Weggenstein \/ Oskar Da Riz\" \/>\n            \t<\/a>\n            <\/li>\n                        <li class=\"project-images-item project-images-item__wide col-12 col-xl-6 __js_masonry-item\">\n            \t<a href=\"https:\/\/pichlerarchitects.com\/wp-content\/uploads\/2021\/08\/Ansitz-Weggenstein_04.jpg\" data-elementor-lightbox-slideshow=\"gallery-grid\" data-elementor-lightbox-title=\"Ansitz Weggenstein \/ Oskar Da Riz\">\n            \t\t<img decoding=\"async\" src=\"https:\/\/pichlerarchitects.com\/wp-content\/uploads\/2021\/08\/Ansitz-Weggenstein_04.jpg\" alt=\"Ansitz Weggenstein \/ Oskar Da Riz\" \/>\n            \t<\/a>\n            <\/li>\n                        <li class=\"project-images-item project-images-item__default col-12 col-md-6 col-xl-3 __js_masonry-item\">\n            \t<a href=\"https:\/\/pichlerarchitects.com\/wp-content\/uploads\/2021\/08\/Ansitz-Weggenstein_01.jpg\" data-elementor-lightbox-slideshow=\"gallery-grid\" data-elementor-lightbox-title=\"Ansitz Weggenstein \/ Oskar Da Riz\">\n            \t\t<img decoding=\"async\" src=\"https:\/\/pichlerarchitects.com\/wp-content\/uploads\/2021\/08\/Ansitz-Weggenstein_01.jpg\" alt=\"Ansitz Weggenstein \/ Oskar Da Riz\" \/>\n            \t<\/a>\n            <\/li>\n                      <\/ul>\n                  <\/div>\n\n\t\t\t\t\t\t<\/div>\n\t\t\t\t<\/div>\n\t\t\t\t\t<\/div>\n\t\t<\/div>\n\t\t\t\t\t<\/div>\n\t\t<\/section>\n\t\t\t\t<section class=\"elementor-section elementor-top-section elementor-element elementor-element-519afa68 elementor-section-boxed elementor-section-height-default elementor-section-height-default\" data-id=\"519afa68\" data-element_type=\"section\">\n\t\t\t\t\t\t<div class=\"elementor-container elementor-column-gap-default\">\n\t\t\t\t\t<div class=\"elementor-column elementor-col-100 elementor-top-column elementor-element elementor-element-1911855b\" data-id=\"1911855b\" data-element_type=\"column\">\n\t\t\t<div class=\"elementor-widget-wrap elementor-element-populated\">\n\t\t\t\t\t\t<div class=\"elementor-element elementor-element-150d4a97 elementor-widget elementor-widget-heading\" data-id=\"150d4a97\" data-element_type=\"widget\" data-widget_type=\"heading.default\">\n\t\t\t\t<div class=\"elementor-widget-container\">\n\t\t\t\t\t<h3 class=\"elementor-heading-title elementor-size-default\">Services<\/h3>\t\t\t\t<\/div>\n\t\t\t\t<\/div>\n\t\t\t\t\t<\/div>\n\t\t<\/div>\n\t\t\t\t\t<\/div>\n\t\t<\/section>\n\t\t\t\t<section class=\"elementor-section elementor-top-section elementor-element elementor-element-5d7287dd elementor-section-boxed elementor-section-height-default elementor-section-height-default\" data-id=\"5d7287dd\" data-element_type=\"section\">\n\t\t\t\t\t\t<div class=\"elementor-container elementor-column-gap-default\">\n\t\t\t\t\t<div class=\"elementor-column elementor-col-33 elementor-top-column elementor-element elementor-element-599a2680\" data-id=\"599a2680\" data-element_type=\"column\">\n\t\t\t<div class=\"elementor-widget-wrap elementor-element-populated\">\n\t\t\t\t\t\t<div class=\"elementor-element elementor-element-32ec223d elementor-widget elementor-widget-global elementor-global-8168 elementor-global-3231 elementor-widget-text-editor\" data-id=\"32ec223d\" data-element_type=\"widget\" data-widget_type=\"text-editor.default\">\n\t\t\t\t<div class=\"elementor-widget-container\">\n\t\t\t\t\t\t\t\t\t<h3><strong>Master planning<\/strong><\/h3>\n<p class=\"p2\">B\u00fcndelung aller notwendigen Planungsleistungen und Koordinierung und \nAbstimmung als alleiniger Ansprechpartner, schnittstellenfrei von der \nKonzeptstudie bis hin zur Fertigstellung.<\/p>\t\t\t\t\t\t\t\t<\/div>\n\t\t\t\t<\/div>\n\t\t\t\t\t<\/div>\n\t\t<\/div>\n\t\t\t\t<div class=\"elementor-column elementor-col-33 elementor-top-column elementor-element elementor-element-7c38660e\" data-id=\"7c38660e\" data-element_type=\"column\">\n\t\t\t<div class=\"elementor-widget-wrap elementor-element-populated\">\n\t\t\t\t\t\t<div class=\"elementor-element elementor-element-9345b72 elementor-widget elementor-widget-global elementor-global-8164 elementor-global-3244 elementor-widget-text-editor\" data-id=\"9345b72\" data-element_type=\"widget\" data-widget_type=\"text-editor.default\">\n\t\t\t\t<div class=\"elementor-widget-container\">\n\t\t\t\t\t\t\t\t\t<h3><strong>Construction management<\/strong><\/h3>\n<p>\u00dcberwachung, Betreuung und Koordination der gesamten Bauabwicklung, \nAusschreibung und Vergabe, Terminplanung und Kostenmanagement bis zur \nBauabnahme.<\/p>\t\t\t\t\t\t\t\t<\/div>\n\t\t\t\t<\/div>\n\t\t\t\t\t<\/div>\n\t\t<\/div>\n\t\t\t\t<div class=\"elementor-column elementor-col-33 elementor-top-column elementor-element elementor-element-212d4bd2\" data-id=\"212d4bd2\" data-element_type=\"column\">\n\t\t\t<div class=\"elementor-widget-wrap\">\n\t\t\t\t\t\t\t<\/div>\n\t\t<\/div>\n\t\t\t\t\t<\/div>\n\t\t<\/section>\n\t\t\t\t<section class=\"elementor-section elementor-top-section elementor-element elementor-element-5db5be40 elementor-section-full_width elementor-section-height-default elementor-section-height-default\" data-id=\"5db5be40\" data-element_type=\"section\">\n\t\t\t\t\t\t<div class=\"elementor-container elementor-column-gap-no\">\n\t\t\t\t\t<div class=\"elementor-column elementor-col-100 elementor-top-column elementor-element elementor-element-2822883b\" data-id=\"2822883b\" data-element_type=\"column\">\n\t\t\t<div class=\"elementor-widget-wrap\">\n\t\t\t\t\t\t\t<\/div>\n\t\t<\/div>\n\t\t\t\t\t<\/div>\n\t\t<\/section>\n\t\t\t\t<\/div>\n\t\t","protected":false},"featured_media":2097,"menu_order":0,"template":"template-elementor-default.php","portfolio_categories":[48],"class_list":["post-5961","portfolio","type-portfolio","status-publish","has-post-thumbnail","hentry","portfolio_categories-residential-de"],"acf":[],"aioseo_notices":[],"_links":{"self":[{"href":"https:\/\/pichlerarchitects.com\/de\/wp-json\/wp\/v2\/portfolio\/5961","targetHints":{"allow":["GET"]}}],"collection":[{"href":"https:\/\/pichlerarchitects.com\/de\/wp-json\/wp\/v2\/portfolio"}],"about":[{"href":"https:\/\/pichlerarchitects.com\/de\/wp-json\/wp\/v2\/types\/portfolio"}],"version-history":[{"count":0,"href":"https:\/\/pichlerarchitects.com\/de\/wp-json\/wp\/v2\/portfolio\/5961\/revisions"}],"wp:featuredmedia":[{"embeddable":true,"href":"https:\/\/pichlerarchitects.com\/de\/wp-json\/wp\/v2\/media\/2097"}],"wp:attachment":[{"href":"https:\/\/pichlerarchitects.com\/de\/wp-json\/wp\/v2\/media?parent=5961"}],"wp:term":[{"taxonomy":"portfolio_categories","embeddable":true,"href":"https:\/\/pichlerarchitects.com\/de\/wp-json\/wp\/v2\/portfolio_categories?post=5961"}],"curies":[{"name":"wp","href":"https:\/\/api.w.org\/{rel}","templated":true}]}}