{"id":5773,"date":"2023-04-28T00:00:58","date_gmt":"2023-04-27T22:00:58","guid":{"rendered":"https:\/\/pichlerarchitects.com\/portfolio\/item\/primary-school-cornedo\/"},"modified":"2023-10-20T10:53:53","modified_gmt":"2023-10-20T08:53:53","slug":"grundschule-karneid","status":"publish","type":"portfolio","link":"https:\/\/pichlerarchitects.com\/de\/portfolio\/item\/grundschule-karneid\/","title":{"rendered":"Grundschule Karneid"},"content":{"rendered":"\t\t<div data-elementor-type=\"wp-post\" data-elementor-id=\"5773\" class=\"elementor elementor-5773 elementor-3977\" data-elementor-post-type=\"portfolio\">\n\t\t\t\t\t\t<section class=\"elementor-section elementor-top-section elementor-element elementor-element-7925180d elementor-section-full_width elementor-section-height-default elementor-section-height-default\" data-id=\"7925180d\" data-element_type=\"section\">\n\t\t\t\t\t\t<div class=\"elementor-container elementor-column-gap-no\">\n\t\t\t\t\t<div class=\"elementor-column elementor-col-100 elementor-top-column elementor-element elementor-element-392c896\" data-id=\"392c896\" data-element_type=\"column\">\n\t\t\t<div class=\"elementor-widget-wrap elementor-element-populated\">\n\t\t\t\t\t\t<div class=\"elementor-element elementor-element-5c377ec elementor-widget elementor-widget-larson-intro\" data-id=\"5c377ec\" data-element_type=\"widget\" data-widget_type=\"larson-intro.default\">\n\t\t\t\t<div class=\"elementor-widget-container\">\n\t\t\t\t\t\n\t\t<article class=\"article\">\n\t        <header class=\"article__header\">\n\t          <div class=\"container\">\n\t            \t            <h1 class=\"article__heading heading heading--size-large\">\n\t            \t<span >\n\t\t\t\t\t\tGrundschule Karneid\t\t\t\t\t<\/span>\n\t            <\/h1>\n\t            \t            \t          <\/div>\n\t        <\/header>\n\t        \t    <\/article>\n\n\t\t\t\t\t\t<\/div>\n\t\t\t\t<\/div>\n\t\t\t\t\t<\/div>\n\t\t<\/div>\n\t\t\t\t\t<\/div>\n\t\t<\/section>\n\t\t\t\t<section class=\"elementor-section elementor-top-section elementor-element elementor-element-33cad3b2 elementor-section-boxed elementor-section-height-default elementor-section-height-default\" data-id=\"33cad3b2\" data-element_type=\"section\">\n\t\t\t\t\t\t<div class=\"elementor-container elementor-column-gap-no\">\n\t\t\t\t\t<div class=\"elementor-column elementor-col-100 elementor-top-column elementor-element elementor-element-5ef4a29f\" data-id=\"5ef4a29f\" data-element_type=\"column\" data-settings=\"{&quot;background_background&quot;:&quot;classic&quot;}\">\n\t\t\t<div class=\"elementor-widget-wrap elementor-element-populated\">\n\t\t\t\t\t\t\t<\/div>\n\t\t<\/div>\n\t\t\t\t\t<\/div>\n\t\t<\/section>\n\t\t\t\t<section class=\"elementor-section elementor-top-section elementor-element elementor-element-5f8578fb elementor-section-full_width elementor-section-height-default elementor-section-height-default\" data-id=\"5f8578fb\" data-element_type=\"section\">\n\t\t\t\t\t\t<div class=\"elementor-container elementor-column-gap-no\">\n\t\t\t\t\t<div class=\"elementor-column elementor-col-100 elementor-top-column elementor-element elementor-element-25ec50ae\" data-id=\"25ec50ae\" data-element_type=\"column\">\n\t\t\t<div class=\"elementor-widget-wrap elementor-element-populated\">\n\t\t\t\t\t\t<div class=\"elementor-element elementor-element-54ecd9b8 elementor-widget elementor-widget-larson-project-details\" data-id=\"54ecd9b8\" data-element_type=\"widget\" data-widget_type=\"larson-project-details.default\">\n\t\t\t\t<div class=\"elementor-widget-container\">\n\t\t\t\t\t\n\t\t<div class=\"article__main container\">\n\t\t            <ul class=\"article__project-meta project-meta\" data-aos=\"fade\">\n          \t            <li class=\"project-meta__item\">\n                            <div class=\"project-meta__item-title\">\n              \t<span >\n\t\t\t\t\tClient\t\t\t\t<\/span>\n              <\/div>\n                                          <div class=\"project-meta__item-text\">\n              \t<span >\n\t\t\t\t\tGemeinde Deutschnofen\t\t\t\t<\/span>\n              <\/div>\n                          <\/li>\n                        <li class=\"project-meta__item\">\n                            <div class=\"project-meta__item-title\">\n              \t<span >\n\t\t\t\t\tCompleted\t\t\t\t<\/span>\n              <\/div>\n                                          <div class=\"project-meta__item-text\">\n              \t<span >\n\t\t\t\t\t2011\t\t\t\t<\/span>\n              <\/div>\n                          <\/li>\n                        <li class=\"project-meta__item\">\n                            <div class=\"project-meta__item-title\">\n              \t<span >\n\t\t\t\t\tProject type\t\t\t\t<\/span>\n              <\/div>\n                                          <div class=\"project-meta__item-text\">\n              \t<span >\n\t\t\t\t\tGrundschule\t\t\t\t<\/span>\n              <\/div>\n                          <\/li>\n                        <li class=\"project-meta__item\">\n                            <div class=\"project-meta__item-title\">\n              \t<span >\n\t\t\t\t\tLocation \t\t\t\t<\/span>\n              <\/div>\n                                          <div class=\"project-meta__item-text\">\n              \t<span >\n\t\t\t\t\tKarneid (BZ)\t\t\t\t<\/span>\n              <\/div>\n                          <\/li>\n                      <\/ul>\n                  <\/div>\n\n\t\t\t\t\t\t<\/div>\n\t\t\t\t<\/div>\n\t\t\t\t\t<\/div>\n\t\t<\/div>\n\t\t\t\t\t<\/div>\n\t\t<\/section>\n\t\t\t\t<section class=\"elementor-section elementor-top-section elementor-element elementor-element-e1c40f8 elementor-section-full_width elementor-section-height-default elementor-section-height-default\" data-id=\"e1c40f8\" data-element_type=\"section\">\n\t\t\t\t\t\t<div class=\"elementor-container elementor-column-gap-no\">\n\t\t\t\t\t<div class=\"elementor-column elementor-col-100 elementor-top-column elementor-element elementor-element-1d0ea8c0\" data-id=\"1d0ea8c0\" data-element_type=\"column\">\n\t\t\t<div class=\"elementor-widget-wrap elementor-element-populated\">\n\t\t\t\t\t\t<div class=\"elementor-element elementor-element-738a2d67 elementor-widget elementor-widget-larson-project-description\" data-id=\"738a2d67\" data-element_type=\"widget\" data-widget_type=\"larson-project-description.default\">\n\t\t\t\t<div class=\"elementor-widget-container\">\n\t\t\t\t\t\n\t\t<div class=\"container\">\n\t\t            <div class=\"article__project-text\" data-aos=\"fade\">\n            <div >\n\t\t\t\t<p><strong>R\u00e4umliche Einbindung der Schule in das Dorfgeschehen.<\/strong> Um den bestehenden, mit Ausnahme der Kirche vorwiegend niedrigen Bauten im Dorfzentrum Rechnung zu tragen wurde der vierst\u00f6ckige Bauk\u00f6rper so platziert, dass nur die beiden oberen Geschosse mit den Klassenr\u00e4umen, Bibliothek und Dienstwohnung vom Dorfplatz aus ersichtlich sind. Die steile Hanglage gew\u00e4hrleistet dabei ebenso eine ausgezeichnete natu\u0308rliche Belichtung fu\u0308r die beiden unter dem Niveau des Dorfplatzes liegenden beiden Ebenen mit Mehrzweckraum\/Turnhalle, Umkleiden und Versammlungssaal. Vorgelagert an diese Bereiche befindet sich der gro\u00dfzu\u0308gige Schulhof mit Spielplatz. Der Bereich hinter dem Geb\u00e4ude hin zur Stra\u00dfe stellt eine Erweiterung des Dorfplatzes dar.<\/p>\t\t\t<\/div>\n          <\/div>\n                  <\/div>\n\n\t\t\t\t\t\t<\/div>\n\t\t\t\t<\/div>\n\t\t\t\t\t<\/div>\n\t\t<\/div>\n\t\t\t\t\t<\/div>\n\t\t<\/section>\n\t\t\t\t<section class=\"elementor-section elementor-top-section elementor-element elementor-element-2c3e959e elementor-section-full_width elementor-section-height-default elementor-section-height-default\" data-id=\"2c3e959e\" data-element_type=\"section\">\n\t\t\t\t\t\t<div class=\"elementor-container elementor-column-gap-no\">\n\t\t\t\t\t<div class=\"elementor-column elementor-col-100 elementor-top-column elementor-element elementor-element-633b0579\" data-id=\"633b0579\" data-element_type=\"column\">\n\t\t\t<div class=\"elementor-widget-wrap elementor-element-populated\">\n\t\t\t\t\t\t<div class=\"elementor-element elementor-element-30dea663 elementor-widget elementor-widget-larson-projects-gallery-grid\" data-id=\"30dea663\" data-element_type=\"widget\" data-widget_type=\"larson-projects-gallery-grid.default\">\n\t\t\t\t<div class=\"elementor-widget-container\">\n\t\t\t\t\t\n\t\t<div class=\"article__project-images container\">\n                    <ul class=\"row project-images-grid __js_images-grid\">\n          \t<li class=\"grid-sizer\"><\/li>\n          \t            <li class=\"project-images-item project-images-item__default col-12 col-md-6 col-xl-3 __js_masonry-item\">\n            \t<a href=\"https:\/\/pichlerarchitects.com\/wp-content\/uploads\/2023\/06\/Grundschule-Karneid_02-1.jpg\" data-elementor-lightbox-slideshow=\"gallery-grid\" data-elementor-lightbox-title=\"Primary school Cornedo  \/ Oskar Da Riz\">\n            \t\t<img decoding=\"async\" src=\"https:\/\/pichlerarchitects.com\/wp-content\/uploads\/2023\/06\/Grundschule-Karneid_02-1.jpg\" alt=\"Primary school Cornedo  \/ Oskar Da Riz\" \/>\n            \t<\/a>\n            <\/li>\n                        <li class=\"project-images-item project-images-item__wide col-12 col-xl-6 __js_masonry-item\">\n            \t<a href=\"https:\/\/pichlerarchitects.com\/wp-content\/uploads\/2023\/06\/Grundschule-Karneid_05-5.jpg\" data-elementor-lightbox-slideshow=\"gallery-grid\" data-elementor-lightbox-title=\"Primary school Cornedo  \/ Oskar Da Riz\">\n            \t\t<img decoding=\"async\" src=\"https:\/\/pichlerarchitects.com\/wp-content\/uploads\/2023\/06\/Grundschule-Karneid_05-5.jpg\" alt=\"Primary school Cornedo  \/ Oskar Da Riz\" \/>\n            \t<\/a>\n            <\/li>\n                        <li class=\"project-images-item project-images-item__default col-12 col-md-6 col-xl-3 __js_masonry-item\">\n            \t<a href=\"https:\/\/pichlerarchitects.com\/wp-content\/uploads\/2023\/06\/Grundschule-Karneid_03-2.jpg\" data-elementor-lightbox-slideshow=\"gallery-grid\" data-elementor-lightbox-title=\"Primary school Cornedo  \/ Oskar Da Riz\">\n            \t\t<img decoding=\"async\" src=\"https:\/\/pichlerarchitects.com\/wp-content\/uploads\/2023\/06\/Grundschule-Karneid_03-2.jpg\" alt=\"Primary school Cornedo  \/ Oskar Da Riz\" \/>\n            \t<\/a>\n            <\/li>\n                        <li class=\"project-images-item project-images-item__wide col-12 col-xl-6 __js_masonry-item\">\n            \t<a href=\"https:\/\/pichlerarchitects.com\/wp-content\/uploads\/2023\/06\/Grundschule-Karneid_01-3.jpg\" data-elementor-lightbox-slideshow=\"gallery-grid\" data-elementor-lightbox-title=\"Primary school Cornedo  \/ Oskar Da Riz\">\n            \t\t<img decoding=\"async\" src=\"https:\/\/pichlerarchitects.com\/wp-content\/uploads\/2023\/06\/Grundschule-Karneid_01-3.jpg\" alt=\"Primary school Cornedo  \/ Oskar Da Riz\" \/>\n            \t<\/a>\n            <\/li>\n                        <li class=\"project-images-item project-images-item__default col-12 col-md-6 col-xl-3 __js_masonry-item\">\n            \t<a href=\"https:\/\/pichlerarchitects.com\/wp-content\/uploads\/2023\/06\/Grundschule-Karneid_04-4.jpg\" data-elementor-lightbox-slideshow=\"gallery-grid\" data-elementor-lightbox-title=\"Primary school Cornedo  \/ Oskar Da Riz\">\n            \t\t<img decoding=\"async\" src=\"https:\/\/pichlerarchitects.com\/wp-content\/uploads\/2023\/06\/Grundschule-Karneid_04-4.jpg\" alt=\"Primary school Cornedo  \/ Oskar Da Riz\" \/>\n            \t<\/a>\n            <\/li>\n                      <\/ul>\n                  <\/div>\n\n\t\t\t\t\t\t<\/div>\n\t\t\t\t<\/div>\n\t\t\t\t\t<\/div>\n\t\t<\/div>\n\t\t\t\t\t<\/div>\n\t\t<\/section>\n\t\t\t\t<section class=\"elementor-section elementor-top-section elementor-element elementor-element-3450a6b elementor-section-full_width elementor-section-height-default elementor-section-height-default\" data-id=\"3450a6b\" data-element_type=\"section\">\n\t\t\t\t\t\t<div class=\"elementor-container elementor-column-gap-no\">\n\t\t\t\t\t<div class=\"elementor-column elementor-col-100 elementor-top-column elementor-element elementor-element-65bddac9\" data-id=\"65bddac9\" data-element_type=\"column\">\n\t\t\t<div class=\"elementor-widget-wrap\">\n\t\t\t\t\t\t\t<\/div>\n\t\t<\/div>\n\t\t\t\t\t<\/div>\n\t\t<\/section>\n\t\t\t\t<section class=\"elementor-section elementor-top-section elementor-element elementor-element-69e88fc0 elementor-section-boxed elementor-section-height-default elementor-section-height-default\" data-id=\"69e88fc0\" data-element_type=\"section\">\n\t\t\t\t\t\t<div class=\"elementor-container elementor-column-gap-default\">\n\t\t\t\t\t<div class=\"elementor-column elementor-col-100 elementor-top-column elementor-element elementor-element-38cc6637\" data-id=\"38cc6637\" data-element_type=\"column\">\n\t\t\t<div class=\"elementor-widget-wrap elementor-element-populated\">\n\t\t\t\t\t\t<div class=\"elementor-element elementor-element-3565d4ea elementor-widget elementor-widget-heading\" data-id=\"3565d4ea\" data-element_type=\"widget\" data-widget_type=\"heading.default\">\n\t\t\t\t<div class=\"elementor-widget-container\">\n\t\t\t\t\t<h3 class=\"elementor-heading-title elementor-size-default\">Services<\/h3>\t\t\t\t<\/div>\n\t\t\t\t<\/div>\n\t\t\t\t\t<\/div>\n\t\t<\/div>\n\t\t\t\t\t<\/div>\n\t\t<\/section>\n\t\t\t\t<section class=\"elementor-section elementor-top-section elementor-element elementor-element-171a87f3 elementor-section-boxed elementor-section-height-default elementor-section-height-default\" data-id=\"171a87f3\" data-element_type=\"section\">\n\t\t\t\t\t\t<div class=\"elementor-container elementor-column-gap-default\">\n\t\t\t\t\t<div class=\"elementor-column elementor-col-33 elementor-top-column elementor-element elementor-element-338394f6\" data-id=\"338394f6\" data-element_type=\"column\">\n\t\t\t<div class=\"elementor-widget-wrap elementor-element-populated\">\n\t\t\t\t\t\t<div class=\"elementor-element elementor-element-fab8d47 elementor-widget elementor-widget-global elementor-global-8152 elementor-global-3967 elementor-widget-text-editor\" data-id=\"fab8d47\" data-element_type=\"widget\" data-widget_type=\"text-editor.default\">\n\t\t\t\t<div class=\"elementor-widget-container\">\n\t\t\t\t\t\t\t\t\t<h3><strong>Planning<\/strong><\/h3>\n<p class=\"p1\">Von der ersten Idee zur Ausarbeitung und Visualisierung des Entwurfs \u00fcber die Genehmigungsplanung bis hin zur detaillierten Ausf\u00fchrungsplanung des gesamten Bauvorhabens.<\/p>\n\t\t\t\t\t\t\t\t<\/div>\n\t\t\t\t<\/div>\n\t\t\t\t\t<\/div>\n\t\t<\/div>\n\t\t\t\t<div class=\"elementor-column elementor-col-33 elementor-top-column elementor-element elementor-element-6bf94e93\" data-id=\"6bf94e93\" data-element_type=\"column\">\n\t\t\t<div class=\"elementor-widget-wrap elementor-element-populated\">\n\t\t\t\t\t\t<div class=\"elementor-element elementor-element-c1d62ad elementor-widget elementor-widget-global elementor-global-8164 elementor-global-3244 elementor-widget-text-editor\" data-id=\"c1d62ad\" data-element_type=\"widget\" data-widget_type=\"text-editor.default\">\n\t\t\t\t<div class=\"elementor-widget-container\">\n\t\t\t\t\t\t\t\t\t<h3><strong>Construction management<\/strong><\/h3>\n<p>\u00dcberwachung, Betreuung und Koordination der gesamten Bauabwicklung, \nAusschreibung und Vergabe, Terminplanung und Kostenmanagement bis zur \nBauabnahme.<\/p>\t\t\t\t\t\t\t\t<\/div>\n\t\t\t\t<\/div>\n\t\t\t\t\t<\/div>\n\t\t<\/div>\n\t\t\t\t<div class=\"elementor-column elementor-col-33 elementor-top-column elementor-element elementor-element-139d7647\" data-id=\"139d7647\" data-element_type=\"column\">\n\t\t\t<div class=\"elementor-widget-wrap\">\n\t\t\t\t\t\t\t<\/div>\n\t\t<\/div>\n\t\t\t\t\t<\/div>\n\t\t<\/section>\n\t\t\t\t<\/div>\n\t\t","protected":false},"featured_media":3989,"menu_order":0,"template":"template-elementor-default.php","portfolio_categories":[47],"class_list":["post-5773","portfolio","type-portfolio","status-publish","has-post-thumbnail","hentry","portfolio_categories-public-de"],"acf":[],"aioseo_notices":[],"_links":{"self":[{"href":"https:\/\/pichlerarchitects.com\/de\/wp-json\/wp\/v2\/portfolio\/5773","targetHints":{"allow":["GET"]}}],"collection":[{"href":"https:\/\/pichlerarchitects.com\/de\/wp-json\/wp\/v2\/portfolio"}],"about":[{"href":"https:\/\/pichlerarchitects.com\/de\/wp-json\/wp\/v2\/types\/portfolio"}],"version-history":[{"count":0,"href":"https:\/\/pichlerarchitects.com\/de\/wp-json\/wp\/v2\/portfolio\/5773\/revisions"}],"wp:featuredmedia":[{"embeddable":true,"href":"https:\/\/pichlerarchitects.com\/de\/wp-json\/wp\/v2\/media\/3989"}],"wp:attachment":[{"href":"https:\/\/pichlerarchitects.com\/de\/wp-json\/wp\/v2\/media?parent=5773"}],"wp:term":[{"taxonomy":"portfolio_categories","embeddable":true,"href":"https:\/\/pichlerarchitects.com\/de\/wp-json\/wp\/v2\/portfolio_categories?post=5773"}],"curies":[{"name":"wp","href":"https:\/\/api.w.org\/{rel}","templated":true}]}}